{"id":6,"date":"2014-10-25T20:45:57","date_gmt":"2014-10-25T17:45:57","guid":{"rendered":"https:\/\/ehdokkaat.vihreat.fi\/minna.haavisto\/tietoja\/"},"modified":"2015-01-03T19:19:32","modified_gmt":"2015-01-03T17:19:32","slug":"kuka-olen","status":"publish","type":"page","link":"https:\/\/ehdokkaat.vihreat.fi\/minna.haavisto\/kuka-olen\/","title":{"rendered":"Kuka olen"},"content":{"rendered":"<p>Olen 42-vuotias tekniikan tohtori ja kolmen lapsen \u00e4iti Porista. Olen kotoisin Tampereen seudulta ja muutin Poriin vuonna 1997 t\u00f6iden per\u00e4ss\u00e4. Porissa olen asunut siis jo melkein 18 vuotta. T\u00e4ll\u00e4 hetkell\u00e4 asun Kyl\u00e4saaressa, itse rakennetussa omakotitalossa\u00a0perheeni kanssa. Perheeseeni kuuluvat aviomies ja kolme lasta. Vuodesta 2008 olen ollut aktiivisesti mukana my\u00f6s asuinymp\u00e4rist\u00f6ni Kyl\u00e4saaren kehitt\u00e4misess\u00e4 Kyl\u00e4saaren Kiinteist\u00f6nomistajat ry:n hallituksen j\u00e4senen\u00e4 ja viimeiset 4 vuotta yhdistyksen puheenjohtajana.<\/p>\n<p>Ty\u00f6urani olen tehnyt raskaassa metalliteollisuudessa\u00a0sek\u00e4 paikallisessa\u00a0kehitt\u00e4misyhti\u00f6ss\u00e4, p\u00e4\u00e4osin erilaisten kehitt\u00e4mishankkeiden parissa. Viimeiset 8 vuotta ty\u00f6skentelin Prizztech Oy:n Magneettiteknologiakeskuksessa asiantuntijana ja tein ty\u00f6n ohessa my\u00f6s v\u00e4it\u00f6stutkimusta.\u00a0Tekniikan alan\u00a0v\u00e4it\u00f6skirjani valmistui syksyll\u00e4 2013.<\/p>\n<p>Ty\u00f6ss\u00e4ni julkisen ja yksityisen sektorin v\u00e4limaastossa olen jatkuvasti t\u00f6rm\u00e4nnyt yhteiskuntamme rakenteissa seikkoihin, jotka est\u00e4v\u00e4t j\u00e4rkev\u00e4n ja kest\u00e4v\u00e4n\u00a0kehityksen. Tieteellinen ja poliittinen todellisuus et\u00e4\u00e4ntyv\u00e4t huolestuttavasti. Jos tieteen puitteissa tuotettu tieto ei miellyt\u00e4 vahvoja kaupallisia toimijoita, voidaan se joko yritt\u00e4\u00e4\u00a0pit\u00e4\u00e4 tiukasti yliopistojen sis\u00e4ll\u00e4 tai voimakkaalla propagandalla leimata v\u00e4\u00e4r\u00e4ksi. T\u00e4m\u00e4 on antanut minulle kimmokkeen l\u00e4hte\u00e4 mukaan politiikkaan. Haluan rakentaa\u00a0parempaa yhteiskuntaa kaikille. Teknisesti t\u00e4m\u00e4 on t\u00e4ysin mahdollista,\u00a0se vaatii vain asenteellisia muutoksia.<\/p>\n<p>&nbsp;<\/p>\n<p>&nbsp;<\/p>\n","protected":false},"excerpt":{"rendered":"<p>Olen 42-vuotias tekniikan tohtori ja kolmen lapsen \u00e4iti Porista. Olen kotoisin Tampereen seudulta ja muutin Poriin vuonna 1997 t\u00f6iden per\u00e4ss\u00e4. Porissa olen asunut siis jo melkein 18 vuotta. T\u00e4ll\u00e4 hetkell\u00e4 asun Kyl\u00e4saaressa, itse rakennetussa omakotitalossa\u00a0perheeni kanssa. Perheeseeni kuuluvat aviomies ja kolme lasta. Vuodesta 2008 olen ollut aktiivisesti mukana my\u00f6s asuinymp\u00e4rist\u00f6ni Kyl\u00e4saaren kehitt\u00e4misess\u00e4 Kyl\u00e4saaren Kiinteist\u00f6nomistajat ry:n [&hellip;]<\/p>\n","protected":false},"author":1,"featured_media":0,"parent":0,"menu_order":0,"comment_status":"closed","ping_status":"closed","template":"","meta":{"_et_pb_use_builder":"","_et_pb_old_content":"","_et_gb_content_width":"","footnotes":""},"class_list":["post-6","page","type-page","status-publish","hentry"],"_links":{"self":[{"href":"https:\/\/ehdokkaat.vihreat.fi\/minna.haavisto\/wp-json\/wp\/v2\/pages\/6","targetHints":{"allow":["GET"]}}],"collection":[{"href":"https:\/\/ehdokkaat.vihreat.fi\/minna.haavisto\/wp-json\/wp\/v2\/pages"}],"about":[{"href":"https:\/\/ehdokkaat.vihreat.fi\/minna.haavisto\/wp-json\/wp\/v2\/types\/page"}],"author":[{"embeddable":true,"href":"https:\/\/ehdokkaat.vihreat.fi\/minna.haavisto\/wp-json\/wp\/v2\/users\/1"}],"replies":[{"embeddable":true,"href":"https:\/\/ehdokkaat.vihreat.fi\/minna.haavisto\/wp-json\/wp\/v2\/comments?post=6"}],"version-history":[{"count":6,"href":"https:\/\/ehdokkaat.vihreat.fi\/minna.haavisto\/wp-json\/wp\/v2\/pages\/6\/revisions"}],"predecessor-version":[{"id":67,"href":"https:\/\/ehdokkaat.vihreat.fi\/minna.haavisto\/wp-json\/wp\/v2\/pages\/6\/revisions\/67"}],"wp:attachment":[{"href":"https:\/\/ehdokkaat.vihreat.fi\/minna.haavisto\/wp-json\/wp\/v2\/media?parent=6"}],"curies":[{"name":"wp","href":"https:\/\/api.w.org\/{rel}","templated":true}]}}